{"id":50,"date":"2021-05-28T12:00:35","date_gmt":"2021-05-28T12:00:35","guid":{"rendered":"https:\/\/preview.codeless.co\/vibrance\/default\/?page_id=50"},"modified":"2025-03-27T10:32:51","modified_gmt":"2025-03-27T10:32:51","slug":"home","status":"publish","type":"page","link":"https:\/\/studiobabel.pl\/en\/","title":{"rendered":"Home"},"content":{"rendered":"<div data-elementor-type=\"wp-page\" data-elementor-id=\"50\" class=\"elementor elementor-50\">\n\t\t\t\t\t\t<section class=\"elementor-section elementor-top-section elementor-element elementor-element-bae2ef2 elementor-section-full_width elementor-section-content-middle elementor-section-height-default elementor-section-height-default elementor-invisible\" data-id=\"bae2ef2\" data-element_type=\"section\" data-settings=\"{&quot;animation&quot;:&quot;fadeIn&quot;,&quot;animation_delay&quot;:300}\">\n\t\t\t\t\t\t<div class=\"elementor-container elementor-column-gap-default\">\n\t\t\t\t\t<div class=\"elementor-column elementor-col-100 elementor-top-column elementor-element elementor-element-d740d43\" data-id=\"d740d43\" data-element_type=\"column\">\n\t\t\t<div class=\"elementor-widget-wrap elementor-element-populated\">\n\t\t\t\t\t\t<div class=\"elementor-element elementor-element-248b5cb elementor-widget elementor-widget-ce-portfolio-grid\" data-id=\"248b5cb\" data-element_type=\"widget\" data-widget_type=\"ce-portfolio-grid.default\">\n\t\t\t\t<div class=\"elementor-widget-container\">\n\t\t\t\t\n\t\t\t\t<div  class=\"ce-portfolio-grid-wrapper\" data-filters=\"0\" data-filters-style=\"default\">\n\t\t\n\t\t\t\t\t\t\n\t\t\t<div class=\"ce-portfolio-grid ce-portfolio-style-erzen portfolio-source_type\" data-columns=\"4\" data-module=\"isotope\" data-style=\"erzen\" data-follow=\"1\" data-parallax=\"\" data-layout=\"masonry\">\n\t\t\t\n\t\t\t\t\t\t\t\t\t\t\t\t\t\t\t\t\t\t\n<div id=\"ce-portfolio-item-11975\" class=\"ce-portfolio-item ce-animation ce-animation--top-t-bottom ce-animation-manual\" data-speed=\"200\" data-delay=\"0\" >\n\t\n\t<div class=\"grid-holder\">\n\n        <div class=\"grid-holder-inner\">\n\n            <div class=\"entry-media\">\n        \n                <div class=\"overlay\">\n                   \n                <\/div>\n                \n                <div class=\"post-thumbnail\">\n                                    <div class=\"wrapper\" style=\"--image-ratio-x: 0.91665; --image-ratio-y: 0.95;\">\n                        <img fetchpriority=\"high\" width=\"200\" height=\"300\" src=\"https:\/\/studiobabel.pl\/wp-content\/uploads\/2026\/03\/siedlisko-polanka-thumbnail-1.jpg\" class=\"attachment-medium size-medium wp-post-image\" alt=\"\" decoding=\"async\" srcset=\"https:\/\/studiobabel.pl\/wp-content\/uploads\/2026\/03\/siedlisko-polanka-thumbnail-1.jpg 200w, https:\/\/studiobabel.pl\/wp-content\/uploads\/2026\/03\/siedlisko-polanka-thumbnail-1-8x12.jpg 8w\" sizes=\"(max-width: 200px) 100vw, 200px\" \/>                        <a href=\"https:\/\/studiobabel.pl\/en\/portfolio\/siedlisko-polanka-fotograf-slubny-warszawa-fotograf-slubny-krakow-analogowy-reportaz-slubny\/\" class=\"image-link\"><\/a>\n                    <\/div>\n                    \n                <\/div><!-- .post-thumbnail --> \n                \n            <\/div><!-- .entry-media --> \n\t\n        \t<div class=\"entry-wrapper-content\">\n\n                <div class=\"entry-content\">\n\n                    <h5 class=\"portfolio-title\">\n\n                        <a href=\"https:\/\/studiobabel.pl\/en\/portfolio\/siedlisko-polanka-fotograf-slubny-warszawa-fotograf-slubny-krakow-analogowy-reportaz-slubny\/\" class=\"cl-portfolio-title\" title=\"SIEDLISKO POLANKA | FOTOGRAF \u015aLUBNY WARSZAWA, FOTOGRAF \u015aLUBNY KRAK\u00d3W, ANALOGOWY REPORTA\u017b \u015aLUBNY\">SIEDLISKO POLANKA | FOTOGRAF \u015aLUBNY WARSZAWA, FOTOGRAF \u015aLUBNY KRAK\u00d3W, ANALOGOWY REPORTA\u017b \u015aLUBNY<\/a>\n                        \n                    <\/h5>\n\n                    <h6 class=\"portfolio-categories\">\n\n                        <a href=\"https:\/\/studiobabel.pl\/en\/portfolio_entries\/reportaz-slubny\/\" rel=\"tag\">Wedding documentary<\/a>\n                    <\/h6><!-- portfolio-categories -->\n                    \n\n                <\/div><!-- entry-content -->\n\n            <\/div><!-- entry-wrapper-content -->\n\n        <\/div><!-- .grid-holder-inner -->\n\n    <\/div><!-- .grid-holder -->\n    \n<\/div><!-- #post-## -->\n\t\t\t\t\t\t\t\t\t\t\t\t\t\t\t\t\t\t\t\t\t\t\t\t\t\t\t\n<div id=\"ce-portfolio-item-11759\" class=\"ce-portfolio-item ce-animation ce-animation--top-t-bottom ce-animation-manual\" data-speed=\"200\" data-delay=\"0\" >\n\t\n\t<div class=\"grid-holder\">\n\n        <div class=\"grid-holder-inner\">\n\n            <div class=\"entry-media\">\n        \n                <div class=\"overlay\">\n                   \n                <\/div>\n                \n                <div class=\"post-thumbnail\">\n                                    <div class=\"wrapper\" style=\"--image-ratio-x: 0.91665; --image-ratio-y: 0.95;\">\n                        <img width=\"200\" height=\"300\" src=\"https:\/\/studiobabel.pl\/wp-content\/uploads\/2025\/09\/ania-udziela-macha-sesja-ciazowa-web-146-1.jpg\" class=\"attachment-medium size-medium wp-post-image\" alt=\"\" decoding=\"async\" srcset=\"https:\/\/studiobabel.pl\/wp-content\/uploads\/2025\/09\/ania-udziela-macha-sesja-ciazowa-web-146-1.jpg 200w, https:\/\/studiobabel.pl\/wp-content\/uploads\/2025\/09\/ania-udziela-macha-sesja-ciazowa-web-146-1-8x12.jpg 8w\" sizes=\"(max-width: 200px) 100vw, 200px\" \/>                        <a href=\"https:\/\/studiobabel.pl\/en\/portfolio\/ania-sesja-ciazowa-krakow\/\" class=\"image-link\"><\/a>\n                    <\/div>\n                    \n                <\/div><!-- .post-thumbnail --> \n                \n            <\/div><!-- .entry-media --> \n\t\n        \t<div class=\"entry-wrapper-content\">\n\n                <div class=\"entry-content\">\n\n                    <h5 class=\"portfolio-title\">\n\n                        <a href=\"https:\/\/studiobabel.pl\/en\/portfolio\/ania-sesja-ciazowa-krakow\/\" class=\"cl-portfolio-title\" title=\"ANIA | SESJA CI\u0104\u017bOWA KRAK\u00d3W\">ANIA | SESJA CI\u0104\u017bOWA KRAK\u00d3W<\/a>\n                        \n                    <\/h5>\n\n                    <h6 class=\"portfolio-categories\">\n\n                        <a href=\"https:\/\/studiobabel.pl\/en\/portfolio_entries\/sesje-ciazowe\/\" rel=\"tag\">Maternity<\/a>\n                    <\/h6><!-- portfolio-categories -->\n                    \n\n                <\/div><!-- entry-content -->\n\n            <\/div><!-- entry-wrapper-content -->\n\n        <\/div><!-- .grid-holder-inner -->\n\n    <\/div><!-- .grid-holder -->\n    \n<\/div><!-- #post-## -->\n\t\t\t\t\t\t\t\t\t\t\t\t\t\t\t\t\t\t\t\t\t\t\t\t\t\t\t\n<div id=\"ce-portfolio-item-11501\" class=\"ce-portfolio-item ce-animation ce-animation--top-t-bottom ce-animation-manual\" data-speed=\"200\" data-delay=\"0\" >\n\t\n\t<div class=\"grid-holder\">\n\n        <div class=\"grid-holder-inner\">\n\n            <div class=\"entry-media\">\n        \n                <div class=\"overlay\">\n                   \n                <\/div>\n                \n                <div class=\"post-thumbnail\">\n                                    <div class=\"wrapper\" style=\"--image-ratio-x: 0.95; --image-ratio-y: 0.91665;\">\n                        <img width=\"300\" height=\"200\" src=\"https:\/\/studiobabel.pl\/wp-content\/uploads\/2025\/07\/kf-majatek-howieny-studio-babel-fotograf-slubny-krakow-warszawa-analogowy-reportaz-slubny-1-203-1.jpg\" class=\"attachment-medium size-medium wp-post-image\" alt=\"\" decoding=\"async\" srcset=\"https:\/\/studiobabel.pl\/wp-content\/uploads\/2025\/07\/kf-majatek-howieny-studio-babel-fotograf-slubny-krakow-warszawa-analogowy-reportaz-slubny-1-203-1.jpg 300w, https:\/\/studiobabel.pl\/wp-content\/uploads\/2025\/07\/kf-majatek-howieny-studio-babel-fotograf-slubny-krakow-warszawa-analogowy-reportaz-slubny-1-203-1-18x12.jpg 18w\" sizes=\"(max-width: 300px) 100vw, 300px\" \/>                        <a href=\"https:\/\/studiobabel.pl\/en\/portfolio\/majatek-howieny-fotograf-slubny-warszawa\/\" class=\"image-link\"><\/a>\n                    <\/div>\n                    \n                <\/div><!-- .post-thumbnail --> \n                \n            <\/div><!-- .entry-media --> \n\t\n        \t<div class=\"entry-wrapper-content\">\n\n                <div class=\"entry-content\">\n\n                    <h5 class=\"portfolio-title\">\n\n                        <a href=\"https:\/\/studiobabel.pl\/en\/portfolio\/majatek-howieny-fotograf-slubny-warszawa\/\" class=\"cl-portfolio-title\" title=\"MAJ\u0104TEK HOWIENY | FOTOGRAF \u015aLUBNY PODLASIE, FOTOGRAF \u015aLUBNY WARSZAWA, FOTOGRAF \u015aLUBNY KRAK\u00d3W\">MAJ\u0104TEK HOWIENY | FOTOGRAF \u015aLUBNY PODLASIE, FOTOGRAF \u015aLUBNY WARSZAWA, FOTOGRAF \u015aLUBNY KRAK\u00d3W<\/a>\n                        \n                    <\/h5>\n\n                    <h6 class=\"portfolio-categories\">\n\n                        <a href=\"https:\/\/studiobabel.pl\/en\/portfolio_entries\/reportaz-slubny\/\" rel=\"tag\">Wedding documentary<\/a>\n                    <\/h6><!-- portfolio-categories -->\n                    \n\n                <\/div><!-- entry-content -->\n\n            <\/div><!-- entry-wrapper-content -->\n\n        <\/div><!-- .grid-holder-inner -->\n\n    <\/div><!-- .grid-holder -->\n    \n<\/div><!-- #post-## -->\n\t\t\t\t\t\t\t\t\t\t\t\t\t\t\t\t\t\t\t\t\t\t\t\t\t\t\t\n<div id=\"ce-portfolio-item-11260\" class=\"ce-portfolio-item ce-animation ce-animation--top-t-bottom ce-animation-manual\" data-speed=\"200\" data-delay=\"0\" >\n\t\n\t<div class=\"grid-holder\">\n\n        <div class=\"grid-holder-inner\">\n\n            <div class=\"entry-media\">\n        \n                <div class=\"overlay\">\n                   \n                <\/div>\n                \n                <div class=\"post-thumbnail\">\n                                    <div class=\"wrapper\" style=\"--image-ratio-x: 0.91665; --image-ratio-y: 0.95;\">\n                        <img loading=\"lazy\" width=\"200\" height=\"300\" src=\"https:\/\/studiobabel.pl\/wp-content\/uploads\/2025\/06\/artbistro-fotograf-slubny-warszawa-reportaz-slubny-analogowa-fotografia-slubna-krakow-studio-babel-12-1.jpg\" class=\"attachment-medium size-medium wp-post-image\" alt=\"\" decoding=\"async\" srcset=\"https:\/\/studiobabel.pl\/wp-content\/uploads\/2025\/06\/artbistro-fotograf-slubny-warszawa-reportaz-slubny-analogowa-fotografia-slubna-krakow-studio-babel-12-1.jpg 200w, https:\/\/studiobabel.pl\/wp-content\/uploads\/2025\/06\/artbistro-fotograf-slubny-warszawa-reportaz-slubny-analogowa-fotografia-slubna-krakow-studio-babel-12-1-8x12.jpg 8w\" sizes=\"(max-width: 200px) 100vw, 200px\" \/>                        <a href=\"https:\/\/studiobabel.pl\/en\/portfolio\/reportaz-slubny-warszawa-artbistro-stalowa-52\/\" class=\"image-link\"><\/a>\n                    <\/div>\n                    \n                <\/div><!-- .post-thumbnail --> \n                \n            <\/div><!-- .entry-media --> \n\t\n        \t<div class=\"entry-wrapper-content\">\n\n                <div class=\"entry-content\">\n\n                    <h5 class=\"portfolio-title\">\n\n                        <a href=\"https:\/\/studiobabel.pl\/en\/portfolio\/reportaz-slubny-warszawa-artbistro-stalowa-52\/\" class=\"cl-portfolio-title\" title=\"REPORTA\u017b \u015aLUBNY WARSZAWA | ARTBISTRO STALOWA 52\">REPORTA\u017b \u015aLUBNY WARSZAWA | ARTBISTRO STALOWA 52<\/a>\n                        \n                    <\/h5>\n\n                    <h6 class=\"portfolio-categories\">\n\n                        <a href=\"https:\/\/studiobabel.pl\/en\/portfolio_entries\/reportaz-slubny\/\" rel=\"tag\">Wedding documentary<\/a>\n                    <\/h6><!-- portfolio-categories -->\n                    \n\n                <\/div><!-- entry-content -->\n\n            <\/div><!-- entry-wrapper-content -->\n\n        <\/div><!-- .grid-holder-inner -->\n\n    <\/div><!-- .grid-holder -->\n    \n<\/div><!-- #post-## -->\n\t\t\t\t\t\t\t\t\t\t\t\t\t\t\t\t\t\t\t\t\t\t\t\t\t\t\t\n<div id=\"ce-portfolio-item-10957\" class=\"ce-portfolio-item ce-animation ce-animation--top-t-bottom ce-animation-manual\" data-speed=\"200\" data-delay=\"0\" >\n\t\n\t<div class=\"grid-holder\">\n\n        <div class=\"grid-holder-inner\">\n\n            <div class=\"entry-media\">\n        \n                <div class=\"overlay\">\n                   \n                <\/div>\n                \n                <div class=\"post-thumbnail\">\n                                    <div class=\"wrapper\" style=\"--image-ratio-x: 0.91085; --image-ratio-y: 0.95;\">\n                        <img loading=\"lazy\" width=\"235\" height=\"300\" src=\"https:\/\/studiobabel.pl\/wp-content\/uploads\/2025\/02\/zt-toskania-slub-analogowy-reportaz-okladka-1.jpg\" class=\"attachment-medium size-medium wp-post-image\" alt=\"\" decoding=\"async\" srcset=\"https:\/\/studiobabel.pl\/wp-content\/uploads\/2025\/02\/zt-toskania-slub-analogowy-reportaz-okladka-1.jpg 235w, https:\/\/studiobabel.pl\/wp-content\/uploads\/2025\/02\/zt-toskania-slub-analogowy-reportaz-okladka-1-9x12.jpg 9w\" sizes=\"(max-width: 235px) 100vw, 235px\" \/>                        <a href=\"https:\/\/studiobabel.pl\/en\/portfolio\/zofia-taras-toskania-fotograf-slubny-wlochy\/\" class=\"image-link\"><\/a>\n                    <\/div>\n                    \n                <\/div><!-- .post-thumbnail --> \n                \n            <\/div><!-- .entry-media --> \n\t\n        \t<div class=\"entry-wrapper-content\">\n\n                <div class=\"entry-content\">\n\n                    <h5 class=\"portfolio-title\">\n\n                        <a href=\"https:\/\/studiobabel.pl\/en\/portfolio\/zofia-taras-toskania-fotograf-slubny-wlochy\/\" class=\"cl-portfolio-title\" title=\"ZOFIA &#038; TARAS | TOSKANIA | FOTOGRAF \u015aLUBNY W\u0141OCHY\">ZOFIA &#038; TARAS | TOSKANIA | FOTOGRAF \u015aLUBNY W\u0141OCHY<\/a>\n                        \n                    <\/h5>\n\n                    <h6 class=\"portfolio-categories\">\n\n                        <a href=\"https:\/\/studiobabel.pl\/en\/portfolio_entries\/reportaz-slubny\/\" rel=\"tag\">Wedding documentary<\/a>\n                    <\/h6><!-- portfolio-categories -->\n                    \n\n                <\/div><!-- entry-content -->\n\n            <\/div><!-- entry-wrapper-content -->\n\n        <\/div><!-- .grid-holder-inner -->\n\n    <\/div><!-- .grid-holder -->\n    \n<\/div><!-- #post-## -->\n\t\t\t\t\t\t\t\t\t\t\t\t\t\t\t\t\t\t\t\t\t\t\t\t\t\t\t\n<div id=\"ce-portfolio-item-10472\" class=\"ce-portfolio-item ce-animation ce-animation--top-t-bottom ce-animation-manual\" data-speed=\"200\" data-delay=\"0\" >\n\t\n\t<div class=\"grid-holder\">\n\n        <div class=\"grid-holder-inner\">\n\n            <div class=\"entry-media\">\n        \n                <div class=\"overlay\">\n                   \n                <\/div>\n                \n                <div class=\"post-thumbnail\">\n                                    <div class=\"wrapper\" style=\"--image-ratio-x: 0.91665; --image-ratio-y: 0.95;\">\n                        <img loading=\"lazy\" width=\"200\" height=\"300\" src=\"https:\/\/studiobabel.pl\/wp-content\/uploads\/2025\/02\/cicha23-cover-1.jpg\" class=\"attachment-medium size-medium wp-post-image\" alt=\"\" decoding=\"async\" srcset=\"https:\/\/studiobabel.pl\/wp-content\/uploads\/2025\/02\/cicha23-cover-1.jpg 200w, https:\/\/studiobabel.pl\/wp-content\/uploads\/2025\/02\/cicha23-cover-1-8x12.jpg 8w\" sizes=\"(max-width: 200px) 100vw, 200px\" \/>                        <a href=\"https:\/\/studiobabel.pl\/en\/portfolio\/paulina-mariusz-cicha23-fotograf-slubny-warszawa\/\" class=\"image-link\"><\/a>\n                    <\/div>\n                    \n                <\/div><!-- .post-thumbnail --> \n                \n            <\/div><!-- .entry-media --> \n\t\n        \t<div class=\"entry-wrapper-content\">\n\n                <div class=\"entry-content\">\n\n                    <h5 class=\"portfolio-title\">\n\n                        <a href=\"https:\/\/studiobabel.pl\/en\/portfolio\/paulina-mariusz-cicha23-fotograf-slubny-warszawa\/\" class=\"cl-portfolio-title\" title=\"PAULINA &#038; MARIUSZ | CICHA23 | FOTOGRAF \u015aLUBNY WARSZAWA\">PAULINA &#038; MARIUSZ | CICHA23 | FOTOGRAF \u015aLUBNY WARSZAWA<\/a>\n                        \n                    <\/h5>\n\n                    <h6 class=\"portfolio-categories\">\n\n                        <a href=\"https:\/\/studiobabel.pl\/en\/portfolio_entries\/reportaz-slubny\/\" rel=\"tag\">Wedding documentary<\/a>\n                    <\/h6><!-- portfolio-categories -->\n                    \n\n                <\/div><!-- entry-content -->\n\n            <\/div><!-- entry-wrapper-content -->\n\n        <\/div><!-- .grid-holder-inner -->\n\n    <\/div><!-- .grid-holder -->\n    \n<\/div><!-- #post-## -->\n\t\t\t\t\t\t\t\t\t\t\t\t\t\t\t\t\t\t\t\t\t\t\t\t\t\t\t\n<div id=\"ce-portfolio-item-10069\" class=\"ce-portfolio-item ce-animation ce-animation--top-t-bottom ce-animation-manual\" data-speed=\"200\" data-delay=\"0\" >\n\t\n\t<div class=\"grid-holder\">\n\n        <div class=\"grid-holder-inner\">\n\n            <div class=\"entry-media\">\n        \n                <div class=\"overlay\">\n                   \n                <\/div>\n                \n                <div class=\"post-thumbnail\">\n                                    <div class=\"wrapper\" style=\"--image-ratio-x: 0.95; --image-ratio-y: 0.90985;\">\n                        <img loading=\"lazy\" width=\"300\" height=\"241\" src=\"https:\/\/studiobabel.pl\/wp-content\/uploads\/2025\/02\/grabkowo-cover-1.jpg\" class=\"attachment-medium size-medium wp-post-image\" alt=\"\" decoding=\"async\" srcset=\"https:\/\/studiobabel.pl\/wp-content\/uploads\/2025\/02\/grabkowo-cover-1.jpg 300w, https:\/\/studiobabel.pl\/wp-content\/uploads\/2025\/02\/grabkowo-cover-1-15x12.jpg 15w\" sizes=\"(max-width: 300px) 100vw, 300px\" \/>                        <a href=\"https:\/\/studiobabel.pl\/en\/portfolio\/zuzia-daniel-palac-grabkowo-fotograf-slubny-trojmiasto\/\" class=\"image-link\"><\/a>\n                    <\/div>\n                    \n                <\/div><!-- .post-thumbnail --> \n                \n            <\/div><!-- .entry-media --> \n\t\n        \t<div class=\"entry-wrapper-content\">\n\n                <div class=\"entry-content\">\n\n                    <h5 class=\"portfolio-title\">\n\n                        <a href=\"https:\/\/studiobabel.pl\/en\/portfolio\/zuzia-daniel-palac-grabkowo-fotograf-slubny-trojmiasto\/\" class=\"cl-portfolio-title\" title=\"ZUZIA &#038; DANIEL | PA\u0141AC GR\u0104BKOWO | FOTOGRAF \u015aLUBNY TR\u00d3JMIASTO\">ZUZIA &#038; DANIEL | PA\u0141AC GR\u0104BKOWO | FOTOGRAF \u015aLUBNY TR\u00d3JMIASTO<\/a>\n                        \n                    <\/h5>\n\n                    <h6 class=\"portfolio-categories\">\n\n                        <a href=\"https:\/\/studiobabel.pl\/en\/portfolio_entries\/reportaz-slubny\/\" rel=\"tag\">Wedding documentary<\/a>\n                    <\/h6><!-- portfolio-categories -->\n                    \n\n                <\/div><!-- entry-content -->\n\n            <\/div><!-- entry-wrapper-content -->\n\n        <\/div><!-- .grid-holder-inner -->\n\n    <\/div><!-- .grid-holder -->\n    \n<\/div><!-- #post-## -->\n\t\t\t\t\t\t\t\t\t\t\t\t\t\t\t\t\t\t\t\t\t\t\t\t\t\t\t\n<div id=\"ce-portfolio-item-8649\" class=\"ce-portfolio-item ce-animation ce-animation--top-t-bottom ce-animation-manual\" data-speed=\"200\" data-delay=\"0\" >\n\t\n\t<div class=\"grid-holder\">\n\n        <div class=\"grid-holder-inner\">\n\n            <div class=\"entry-media\">\n        \n                <div class=\"overlay\">\n                   \n                <\/div>\n                \n                <div class=\"post-thumbnail\">\n                                    <div class=\"wrapper\" style=\"--image-ratio-x: 0.91665; --image-ratio-y: 0.95;\">\n                        <img loading=\"lazy\" width=\"200\" height=\"300\" src=\"https:\/\/studiobabel.pl\/wp-content\/uploads\/2024\/10\/las-vegas-okladka-1.jpg\" class=\"attachment-medium size-medium wp-post-image\" alt=\"\" decoding=\"async\" srcset=\"https:\/\/studiobabel.pl\/wp-content\/uploads\/2024\/10\/las-vegas-okladka-1.jpg 200w, https:\/\/studiobabel.pl\/wp-content\/uploads\/2024\/10\/las-vegas-okladka-1-8x12.jpg 8w\" sizes=\"(max-width: 200px) 100vw, 200px\" \/>                        <a href=\"https:\/\/studiobabel.pl\/en\/portfolio\/ola-borys-slub-w-las-vegas\/\" class=\"image-link\"><\/a>\n                    <\/div>\n                    \n                <\/div><!-- .post-thumbnail --> \n                \n            <\/div><!-- .entry-media --> \n\t\n        \t<div class=\"entry-wrapper-content\">\n\n                <div class=\"entry-content\">\n\n                    <h5 class=\"portfolio-title\">\n\n                        <a href=\"https:\/\/studiobabel.pl\/en\/portfolio\/ola-borys-slub-w-las-vegas\/\" class=\"cl-portfolio-title\" title=\"OLA &#038; BORYS | \u015aLUB W LAS VEGAS\">OLA &#038; BORYS | \u015aLUB W LAS VEGAS<\/a>\n                        \n                    <\/h5>\n\n                    <h6 class=\"portfolio-categories\">\n\n                        <a href=\"https:\/\/studiobabel.pl\/en\/portfolio_entries\/reportaz-slubny\/\" rel=\"tag\">Wedding documentary<\/a>, <a href=\"https:\/\/studiobabel.pl\/en\/portfolio_entries\/sesje-slubne\/\" rel=\"tag\">Wedding photoshoots<\/a>\n                    <\/h6><!-- portfolio-categories -->\n                    \n\n                <\/div><!-- entry-content -->\n\n            <\/div><!-- entry-wrapper-content -->\n\n        <\/div><!-- .grid-holder-inner -->\n\n    <\/div><!-- .grid-holder -->\n    \n<\/div><!-- #post-## -->\n\t\t\t\t\t\t\t\t\t\t\t\t\t\t\t\t\t\t\t\t\t\t\t\t\t\t\t\n<div id=\"ce-portfolio-item-8302\" class=\"ce-portfolio-item ce-animation ce-animation--top-t-bottom ce-animation-manual\" data-speed=\"200\" data-delay=\"0\" >\n\t\n\t<div class=\"grid-holder\">\n\n        <div class=\"grid-holder-inner\">\n\n            <div class=\"entry-media\">\n        \n                <div class=\"overlay\">\n                   \n                <\/div>\n                \n                <div class=\"post-thumbnail\">\n                                    <div class=\"wrapper\" style=\"--image-ratio-x: 0.91665; --image-ratio-y: 0.95;\">\n                        <img loading=\"lazy\" width=\"200\" height=\"300\" src=\"https:\/\/studiobabel.pl\/wp-content\/uploads\/2024\/08\/mp-sesja-ciazowa-kobieca-wizerunkowa-krakow-web-54-200x300.jpg\" class=\"attachment-medium size-medium wp-post-image\" alt=\"\" decoding=\"async\" srcset=\"https:\/\/studiobabel.pl\/wp-content\/uploads\/2024\/08\/mp-sesja-ciazowa-kobieca-wizerunkowa-krakow-web-54-200x300.jpg 200w, https:\/\/studiobabel.pl\/wp-content\/uploads\/2024\/08\/mp-sesja-ciazowa-kobieca-wizerunkowa-krakow-web-54-683x1024.jpg 683w, https:\/\/studiobabel.pl\/wp-content\/uploads\/2024\/08\/mp-sesja-ciazowa-kobieca-wizerunkowa-krakow-web-54-768x1152.jpg 768w, https:\/\/studiobabel.pl\/wp-content\/uploads\/2024\/08\/mp-sesja-ciazowa-kobieca-wizerunkowa-krakow-web-54-1024x1536.jpg 1024w, https:\/\/studiobabel.pl\/wp-content\/uploads\/2024\/08\/mp-sesja-ciazowa-kobieca-wizerunkowa-krakow-web-54-8x12.jpg 8w, https:\/\/studiobabel.pl\/wp-content\/uploads\/2024\/08\/mp-sesja-ciazowa-kobieca-wizerunkowa-krakow-web-54.jpg 1280w\" sizes=\"(max-width: 200px) 100vw, 200px\" \/>                        <a href=\"https:\/\/studiobabel.pl\/en\/portfolio\/martyna-sesja-ciazowa-krakow\/\" class=\"image-link\"><\/a>\n                    <\/div>\n                    \n                <\/div><!-- .post-thumbnail --> \n                \n            <\/div><!-- .entry-media --> \n\t\n        \t<div class=\"entry-wrapper-content\">\n\n                <div class=\"entry-content\">\n\n                    <h5 class=\"portfolio-title\">\n\n                        <a href=\"https:\/\/studiobabel.pl\/en\/portfolio\/martyna-sesja-ciazowa-krakow\/\" class=\"cl-portfolio-title\" title=\"MARTYNA | SESJA CI\u0104\u017bOWA KRAK\u00d3W\">MARTYNA | SESJA CI\u0104\u017bOWA KRAK\u00d3W<\/a>\n                        \n                    <\/h5>\n\n                    <h6 class=\"portfolio-categories\">\n\n                        <a href=\"https:\/\/studiobabel.pl\/en\/portfolio_entries\/sesje-ciazowe\/\" rel=\"tag\">Maternity<\/a>\n                    <\/h6><!-- portfolio-categories -->\n                    \n\n                <\/div><!-- entry-content -->\n\n            <\/div><!-- entry-wrapper-content -->\n\n        <\/div><!-- .grid-holder-inner -->\n\n    <\/div><!-- .grid-holder -->\n    \n<\/div><!-- #post-## -->\n\t\t\t\t\t\t\t\t\t\t\t\t\t\t\t\t\t\t\t\t\t\t\t\t\t\t\t\n<div id=\"ce-portfolio-item-7547\" class=\"ce-portfolio-item ce-animation ce-animation--top-t-bottom ce-animation-manual\" data-speed=\"200\" data-delay=\"0\" >\n\t\n\t<div class=\"grid-holder\">\n\n        <div class=\"grid-holder-inner\">\n\n            <div class=\"entry-media\">\n        \n                <div class=\"overlay\">\n                   \n                <\/div>\n                \n                <div class=\"post-thumbnail\">\n                                    <div class=\"wrapper\" style=\"--image-ratio-x: 0.95; --image-ratio-y: 0.91665;\">\n                        <img loading=\"lazy\" width=\"300\" height=\"200\" src=\"https:\/\/studiobabel.pl\/wp-content\/uploads\/2024\/03\/mj-fotograf-slubny-krakow-web-746-300x200.jpg\" class=\"attachment-medium size-medium wp-post-image\" alt=\"\" decoding=\"async\" srcset=\"https:\/\/studiobabel.pl\/wp-content\/uploads\/2024\/03\/mj-fotograf-slubny-krakow-web-746-300x200.jpg 300w, https:\/\/studiobabel.pl\/wp-content\/uploads\/2024\/03\/mj-fotograf-slubny-krakow-web-746-1024x683.jpg 1024w, https:\/\/studiobabel.pl\/wp-content\/uploads\/2024\/03\/mj-fotograf-slubny-krakow-web-746-768x512.jpg 768w, https:\/\/studiobabel.pl\/wp-content\/uploads\/2024\/03\/mj-fotograf-slubny-krakow-web-746-1536x1024.jpg 1536w, https:\/\/studiobabel.pl\/wp-content\/uploads\/2024\/03\/mj-fotograf-slubny-krakow-web-746-18x12.jpg 18w, https:\/\/studiobabel.pl\/wp-content\/uploads\/2024\/03\/mj-fotograf-slubny-krakow-web-746-740x490.jpg 740w, https:\/\/studiobabel.pl\/wp-content\/uploads\/2024\/03\/mj-fotograf-slubny-krakow-web-746.jpg 2048w\" sizes=\"(max-width: 300px) 100vw, 300px\" \/>                        <a href=\"https:\/\/studiobabel.pl\/en\/portfolio\/pod-kasztanami-fotograf-slubny-slask\/\" class=\"image-link\"><\/a>\n                    <\/div>\n                    \n                <\/div><!-- .post-thumbnail --> \n                \n            <\/div><!-- .entry-media --> \n\t\n        \t<div class=\"entry-wrapper-content\">\n\n                <div class=\"entry-content\">\n\n                    <h5 class=\"portfolio-title\">\n\n                        <a href=\"https:\/\/studiobabel.pl\/en\/portfolio\/pod-kasztanami-fotograf-slubny-slask\/\" class=\"cl-portfolio-title\" title=\"POD KASZTANAMI | FOTOGRAF \u015aLUBNY \u015aL\u0104SK\">POD KASZTANAMI | FOTOGRAF \u015aLUBNY \u015aL\u0104SK<\/a>\n                        \n                    <\/h5>\n\n                    <h6 class=\"portfolio-categories\">\n\n                        <a href=\"https:\/\/studiobabel.pl\/en\/portfolio_entries\/reportaz-slubny\/\" rel=\"tag\">Wedding documentary<\/a>\n                    <\/h6><!-- portfolio-categories -->\n                    \n\n                <\/div><!-- entry-content -->\n\n            <\/div><!-- entry-wrapper-content -->\n\n        <\/div><!-- .grid-holder-inner -->\n\n    <\/div><!-- .grid-holder -->\n    \n<\/div><!-- #post-## -->\n\t\t\t\t\t\t\t\t\t\t\t\t\t\t\t\t\t\t\t\t\t\t\t\t\t\t\t\n<div id=\"ce-portfolio-item-6836\" class=\"ce-portfolio-item ce-animation ce-animation--top-t-bottom ce-animation-manual\" data-speed=\"200\" data-delay=\"0\" >\n\t\n\t<div class=\"grid-holder\">\n\n        <div class=\"grid-holder-inner\">\n\n            <div class=\"entry-media\">\n        \n                <div class=\"overlay\">\n                   \n                <\/div>\n                \n                <div class=\"post-thumbnail\">\n                                    <div class=\"wrapper\" style=\"--image-ratio-x: 0.91665; --image-ratio-y: 0.95;\">\n                        <img loading=\"lazy\" width=\"200\" height=\"300\" src=\"https:\/\/studiobabel.pl\/wp-content\/uploads\/2024\/03\/ap-fotograf-slubny-krakow-post-62-200x300.jpg\" class=\"attachment-medium size-medium wp-post-image\" alt=\"\" decoding=\"async\" srcset=\"https:\/\/studiobabel.pl\/wp-content\/uploads\/2024\/03\/ap-fotograf-slubny-krakow-post-62-200x300.jpg 200w, https:\/\/studiobabel.pl\/wp-content\/uploads\/2024\/03\/ap-fotograf-slubny-krakow-post-62-683x1024.jpg 683w, https:\/\/studiobabel.pl\/wp-content\/uploads\/2024\/03\/ap-fotograf-slubny-krakow-post-62-768x1152.jpg 768w, https:\/\/studiobabel.pl\/wp-content\/uploads\/2024\/03\/ap-fotograf-slubny-krakow-post-62-1024x1536.jpg 1024w, https:\/\/studiobabel.pl\/wp-content\/uploads\/2024\/03\/ap-fotograf-slubny-krakow-post-62-8x12.jpg 8w, https:\/\/studiobabel.pl\/wp-content\/uploads\/2024\/03\/ap-fotograf-slubny-krakow-post-62.jpg 1365w\" sizes=\"(max-width: 200px) 100vw, 200px\" \/>                        <a href=\"https:\/\/studiobabel.pl\/en\/portfolio\/palac-bagatela-ania-przemek-fotograf-slubny-poznan\/\" class=\"image-link\"><\/a>\n                    <\/div>\n                    \n                <\/div><!-- .post-thumbnail --> \n                \n            <\/div><!-- .entry-media --> \n\t\n        \t<div class=\"entry-wrapper-content\">\n\n                <div class=\"entry-content\">\n\n                    <h5 class=\"portfolio-title\">\n\n                        <a href=\"https:\/\/studiobabel.pl\/en\/portfolio\/palac-bagatela-ania-przemek-fotograf-slubny-poznan\/\" class=\"cl-portfolio-title\" title=\"PA\u0141AC BAGATELA | ANIA &#038; PRZEMEK | FOTOGRAF \u015aLUBNY POZNA\u0143\">PA\u0141AC BAGATELA | ANIA &#038; PRZEMEK | FOTOGRAF \u015aLUBNY POZNA\u0143<\/a>\n                        \n                    <\/h5>\n\n                    <h6 class=\"portfolio-categories\">\n\n                        <a href=\"https:\/\/studiobabel.pl\/en\/portfolio_entries\/reportaz-slubny\/\" rel=\"tag\">Wedding documentary<\/a>\n                    <\/h6><!-- portfolio-categories -->\n                    \n\n                <\/div><!-- entry-content -->\n\n            <\/div><!-- entry-wrapper-content -->\n\n        <\/div><!-- .grid-holder-inner -->\n\n    <\/div><!-- .grid-holder -->\n    \n<\/div><!-- #post-## -->\n\t\t\t\t\t\t\t\t\t\t\t\t\t\t\t\t\t\t\t\t\t\t\t\t\t\t\t\n<div id=\"ce-portfolio-item-6263\" class=\"ce-portfolio-item ce-animation ce-animation--top-t-bottom ce-animation-manual\" data-speed=\"200\" data-delay=\"0\" >\n\t\n\t<div class=\"grid-holder\">\n\n        <div class=\"grid-holder-inner\">\n\n            <div class=\"entry-media\">\n        \n                <div class=\"overlay\">\n                   \n                <\/div>\n                \n                <div class=\"post-thumbnail\">\n                                    <div class=\"wrapper\" style=\"--image-ratio-x: 0.91665; --image-ratio-y: 0.95;\">\n                        <img loading=\"lazy\" width=\"200\" height=\"300\" src=\"https:\/\/studiobabel.pl\/wp-content\/uploads\/2024\/02\/nw-sesja-kobieca-wizerunkowa-krakow-web-146-1-200x300.jpg\" class=\"attachment-medium size-medium wp-post-image\" alt=\"\" decoding=\"async\" srcset=\"https:\/\/studiobabel.pl\/wp-content\/uploads\/2024\/02\/nw-sesja-kobieca-wizerunkowa-krakow-web-146-1-200x300.jpg 200w, https:\/\/studiobabel.pl\/wp-content\/uploads\/2024\/02\/nw-sesja-kobieca-wizerunkowa-krakow-web-146-1-683x1024.jpg 683w, https:\/\/studiobabel.pl\/wp-content\/uploads\/2024\/02\/nw-sesja-kobieca-wizerunkowa-krakow-web-146-1-768x1152.jpg 768w, https:\/\/studiobabel.pl\/wp-content\/uploads\/2024\/02\/nw-sesja-kobieca-wizerunkowa-krakow-web-146-1-1024x1536.jpg 1024w, https:\/\/studiobabel.pl\/wp-content\/uploads\/2024\/02\/nw-sesja-kobieca-wizerunkowa-krakow-web-146-1.jpg 1365w\" sizes=\"(max-width: 200px) 100vw, 200px\" \/>                        <a href=\"https:\/\/studiobabel.pl\/en\/portfolio\/natalia-sesja-wizerunkowa-krakow\/\" class=\"image-link\"><\/a>\n                    <\/div>\n                    \n                <\/div><!-- .post-thumbnail --> \n                \n            <\/div><!-- .entry-media --> \n\t\n        \t<div class=\"entry-wrapper-content\">\n\n                <div class=\"entry-content\">\n\n                    <h5 class=\"portfolio-title\">\n\n                        <a href=\"https:\/\/studiobabel.pl\/en\/portfolio\/natalia-sesja-wizerunkowa-krakow\/\" class=\"cl-portfolio-title\" title=\"NATALIA | SESJA WIZERUNKOWA KRAK\u00d3W\">NATALIA | SESJA WIZERUNKOWA KRAK\u00d3W<\/a>\n                        \n                    <\/h5>\n\n                    <h6 class=\"portfolio-categories\">\n\n                        <a href=\"https:\/\/studiobabel.pl\/en\/portfolio_entries\/sesje-indywidualne\/\" rel=\"tag\">Personal photoshoots<\/a>, <a href=\"https:\/\/studiobabel.pl\/en\/portfolio_entries\/sesje-wizerunkowe\/\" rel=\"tag\">Business photoshoots<\/a>\n                    <\/h6><!-- portfolio-categories -->\n                    \n\n                <\/div><!-- entry-content -->\n\n            <\/div><!-- entry-wrapper-content -->\n\n        <\/div><!-- .grid-holder-inner -->\n\n    <\/div><!-- .grid-holder -->\n    \n<\/div><!-- #post-## -->\n\t\t\t\t\t\t\t\t\t\t\t\t\t\t\t\t\t\t\t\t\t\t\t\t\t\t\t\n<div id=\"ce-portfolio-item-8291\" class=\"ce-portfolio-item ce-animation ce-animation--top-t-bottom ce-animation-manual\" data-speed=\"200\" data-delay=\"0\" >\n\t\n\t<div class=\"grid-holder\">\n\n        <div class=\"grid-holder-inner\">\n\n            <div class=\"entry-media\">\n        \n                <div class=\"overlay\">\n                   \n                <\/div>\n                \n                <div class=\"post-thumbnail\">\n                                    <div class=\"wrapper\" style=\"--image-ratio-x: 0.95; --image-ratio-y: 0.91665;\">\n                        <img loading=\"lazy\" width=\"300\" height=\"200\" src=\"https:\/\/studiobabel.pl\/wp-content\/uploads\/2024\/08\/sesja-narzeczenska-love-story-krakow-reportaz-slubny-krakow-mari-kacper-192-1-300x200.jpg\" class=\"attachment-medium size-medium wp-post-image\" alt=\"\" decoding=\"async\" srcset=\"https:\/\/studiobabel.pl\/wp-content\/uploads\/2024\/08\/sesja-narzeczenska-love-story-krakow-reportaz-slubny-krakow-mari-kacper-192-1-300x200.jpg 300w, https:\/\/studiobabel.pl\/wp-content\/uploads\/2024\/08\/sesja-narzeczenska-love-story-krakow-reportaz-slubny-krakow-mari-kacper-192-1-1024x683.jpg 1024w, https:\/\/studiobabel.pl\/wp-content\/uploads\/2024\/08\/sesja-narzeczenska-love-story-krakow-reportaz-slubny-krakow-mari-kacper-192-1-768x512.jpg 768w, https:\/\/studiobabel.pl\/wp-content\/uploads\/2024\/08\/sesja-narzeczenska-love-story-krakow-reportaz-slubny-krakow-mari-kacper-192-1-1536x1024.jpg 1536w, https:\/\/studiobabel.pl\/wp-content\/uploads\/2024\/08\/sesja-narzeczenska-love-story-krakow-reportaz-slubny-krakow-mari-kacper-192-1-18x12.jpg 18w, https:\/\/studiobabel.pl\/wp-content\/uploads\/2024\/08\/sesja-narzeczenska-love-story-krakow-reportaz-slubny-krakow-mari-kacper-192-1-740x490.jpg 740w, https:\/\/studiobabel.pl\/wp-content\/uploads\/2024\/08\/sesja-narzeczenska-love-story-krakow-reportaz-slubny-krakow-mari-kacper-192-1.jpg 2048w\" sizes=\"(max-width: 300px) 100vw, 300px\" \/>                        <a href=\"https:\/\/studiobabel.pl\/en\/portfolio\/mari-kacper-sesja-narzeczenska\/\" class=\"image-link\"><\/a>\n                    <\/div>\n                    \n                <\/div><!-- .post-thumbnail --> \n                \n            <\/div><!-- .entry-media --> \n\t\n        \t<div class=\"entry-wrapper-content\">\n\n                <div class=\"entry-content\">\n\n                    <h5 class=\"portfolio-title\">\n\n                        <a href=\"https:\/\/studiobabel.pl\/en\/portfolio\/mari-kacper-sesja-narzeczenska\/\" class=\"cl-portfolio-title\" title=\"MARI &#038; KACPER | SESJA NARZECZE\u0143SKA\">MARI &#038; KACPER | SESJA NARZECZE\u0143SKA<\/a>\n                        \n                    <\/h5>\n\n                    <h6 class=\"portfolio-categories\">\n\n                        <a href=\"https:\/\/studiobabel.pl\/en\/portfolio_entries\/sesje-narzeczenskie\/\" rel=\"tag\">Engagement photoshoots<\/a>\n                    <\/h6><!-- portfolio-categories -->\n                    \n\n                <\/div><!-- entry-content -->\n\n            <\/div><!-- entry-wrapper-content -->\n\n        <\/div><!-- .grid-holder-inner -->\n\n    <\/div><!-- .grid-holder -->\n    \n<\/div><!-- #post-## -->\n\t\t\t\t\t\t\t\t\t\t\t\t\t\t\t\t\t\t\t\t\t\t\t\t\t\t\t\n<div id=\"ce-portfolio-item-6269\" class=\"ce-portfolio-item ce-animation ce-animation--top-t-bottom ce-animation-manual\" data-speed=\"200\" data-delay=\"0\" >\n\t\n\t<div class=\"grid-holder\">\n\n        <div class=\"grid-holder-inner\">\n\n            <div class=\"entry-media\">\n        \n                <div class=\"overlay\">\n                   \n                <\/div>\n                \n                <div class=\"post-thumbnail\">\n                                    <div class=\"wrapper\" style=\"--image-ratio-x: 0.91665; --image-ratio-y: 0.95;\">\n                        <img loading=\"lazy\" width=\"200\" height=\"300\" src=\"https:\/\/studiobabel.pl\/wp-content\/uploads\/2024\/02\/pm-sesja-slubna-slubna-fotograf-slubny-krakow-web-19-200x300.jpg\" class=\"attachment-medium size-medium wp-post-image\" alt=\"\" decoding=\"async\" srcset=\"https:\/\/studiobabel.pl\/wp-content\/uploads\/2024\/02\/pm-sesja-slubna-slubna-fotograf-slubny-krakow-web-19-200x300.jpg 200w, https:\/\/studiobabel.pl\/wp-content\/uploads\/2024\/02\/pm-sesja-slubna-slubna-fotograf-slubny-krakow-web-19-683x1024.jpg 683w, https:\/\/studiobabel.pl\/wp-content\/uploads\/2024\/02\/pm-sesja-slubna-slubna-fotograf-slubny-krakow-web-19-768x1152.jpg 768w, https:\/\/studiobabel.pl\/wp-content\/uploads\/2024\/02\/pm-sesja-slubna-slubna-fotograf-slubny-krakow-web-19-1024x1536.jpg 1024w, https:\/\/studiobabel.pl\/wp-content\/uploads\/2024\/02\/pm-sesja-slubna-slubna-fotograf-slubny-krakow-web-19.jpg 1365w\" sizes=\"(max-width: 200px) 100vw, 200px\" \/>                        <a href=\"https:\/\/studiobabel.pl\/en\/portfolio\/folkowa-studyjna-sesja-slubna-krakow\/\" class=\"image-link\"><\/a>\n                    <\/div>\n                    \n                <\/div><!-- .post-thumbnail --> \n                \n            <\/div><!-- .entry-media --> \n\t\n        \t<div class=\"entry-wrapper-content\">\n\n                <div class=\"entry-content\">\n\n                    <h5 class=\"portfolio-title\">\n\n                        <a href=\"https:\/\/studiobabel.pl\/en\/portfolio\/folkowa-studyjna-sesja-slubna-krakow\/\" class=\"cl-portfolio-title\" title=\"NOWOCZESNA I FOLKOWA SESJA \u015aLUBNA | FOTOGRAF \u015aLUBNY KRAK\u00d3W\">NOWOCZESNA I FOLKOWA SESJA \u015aLUBNA | FOTOGRAF \u015aLUBNY KRAK\u00d3W<\/a>\n                        \n                    <\/h5>\n\n                    <h6 class=\"portfolio-categories\">\n\n                        <a href=\"https:\/\/studiobabel.pl\/en\/portfolio_entries\/reportaz-slubny\/\" rel=\"tag\">Wedding documentary<\/a>, <a href=\"https:\/\/studiobabel.pl\/en\/portfolio_entries\/sesje-slubne\/\" rel=\"tag\">Wedding photoshoots<\/a>\n                    <\/h6><!-- portfolio-categories -->\n                    \n\n                <\/div><!-- entry-content -->\n\n            <\/div><!-- entry-wrapper-content -->\n\n        <\/div><!-- .grid-holder-inner -->\n\n    <\/div><!-- .grid-holder -->\n    \n<\/div><!-- #post-## -->\n\t\t\t\t\t\t\t\t\t\t\t\t\t\t\t\t\t\t\t\t\t\t\t\t\t\t\t\n<div id=\"ce-portfolio-item-5995\" class=\"ce-portfolio-item ce-animation ce-animation--top-t-bottom ce-animation-manual\" data-speed=\"200\" data-delay=\"0\" >\n\t\n\t<div class=\"grid-holder\">\n\n        <div class=\"grid-holder-inner\">\n\n            <div class=\"entry-media\">\n        \n                <div class=\"overlay\">\n                   \n                <\/div>\n                \n                <div class=\"post-thumbnail\">\n                                    <div class=\"wrapper\" style=\"--image-ratio-x: 0.91665; --image-ratio-y: 0.95;\">\n                        <img loading=\"lazy\" width=\"200\" height=\"300\" src=\"https:\/\/studiobabel.pl\/wp-content\/uploads\/2024\/02\/ada-deane-fotograf-slubny-krakow-wedding-photographer-warszawa-gdansk-193-200x300.jpg\" class=\"attachment-medium size-medium wp-post-image\" alt=\"\" decoding=\"async\" srcset=\"https:\/\/studiobabel.pl\/wp-content\/uploads\/2024\/02\/ada-deane-fotograf-slubny-krakow-wedding-photographer-warszawa-gdansk-193-200x300.jpg 200w, https:\/\/studiobabel.pl\/wp-content\/uploads\/2024\/02\/ada-deane-fotograf-slubny-krakow-wedding-photographer-warszawa-gdansk-193-683x1024.jpg 683w, https:\/\/studiobabel.pl\/wp-content\/uploads\/2024\/02\/ada-deane-fotograf-slubny-krakow-wedding-photographer-warszawa-gdansk-193-768x1152.jpg 768w, https:\/\/studiobabel.pl\/wp-content\/uploads\/2024\/02\/ada-deane-fotograf-slubny-krakow-wedding-photographer-warszawa-gdansk-193-1024x1536.jpg 1024w, https:\/\/studiobabel.pl\/wp-content\/uploads\/2024\/02\/ada-deane-fotograf-slubny-krakow-wedding-photographer-warszawa-gdansk-193.jpg 1365w\" sizes=\"(max-width: 200px) 100vw, 200px\" \/>                        <a href=\"https:\/\/studiobabel.pl\/en\/portfolio\/dworzyszcze-wola-fotograf-slubny-krakow\/\" class=\"image-link\"><\/a>\n                    <\/div>\n                    \n                <\/div><!-- .post-thumbnail --> \n                \n            <\/div><!-- .entry-media --> \n\t\n        \t<div class=\"entry-wrapper-content\">\n\n                <div class=\"entry-content\">\n\n                    <h5 class=\"portfolio-title\">\n\n                        <a href=\"https:\/\/studiobabel.pl\/en\/portfolio\/dworzyszcze-wola-fotograf-slubny-krakow\/\" class=\"cl-portfolio-title\" title=\"DWORZYSZCZE WOLA | ADA &#038; DEANE | FOTOGRAF \u015aLUBNY KRAK\u00d3W\">DWORZYSZCZE WOLA | ADA &#038; DEANE | FOTOGRAF \u015aLUBNY KRAK\u00d3W<\/a>\n                        \n                    <\/h5>\n\n                    <h6 class=\"portfolio-categories\">\n\n                        <a href=\"https:\/\/studiobabel.pl\/en\/portfolio_entries\/reportaz-slubny\/\" rel=\"tag\">Wedding documentary<\/a>\n                    <\/h6><!-- portfolio-categories -->\n                    \n\n                <\/div><!-- entry-content -->\n\n            <\/div><!-- entry-wrapper-content -->\n\n        <\/div><!-- .grid-holder-inner -->\n\n    <\/div><!-- .grid-holder -->\n    \n<\/div><!-- #post-## -->\n\t\t\t\t\t\t\t\t\t\t\t\t\t\t\t\t\t\t\t\t\t\t\t\t\t\t\t\n<div id=\"ce-portfolio-item-5132\" class=\"ce-portfolio-item ce-animation ce-animation--top-t-bottom ce-animation-manual\" data-speed=\"200\" data-delay=\"0\" >\n\t\n\t<div class=\"grid-holder\">\n\n        <div class=\"grid-holder-inner\">\n\n            <div class=\"entry-media\">\n        \n                <div class=\"overlay\">\n                   \n                <\/div>\n                \n                <div class=\"post-thumbnail\">\n                                    <div class=\"wrapper\" style=\"--image-ratio-x: 0.91665; --image-ratio-y: 0.95;\">\n                        <img loading=\"lazy\" width=\"200\" height=\"300\" src=\"https:\/\/studiobabel.pl\/wp-content\/uploads\/2024\/02\/ma-fotograf-slubny-krakow-olsztyn-osada-debowo-analogowe-pub-231-200x300.jpg\" class=\"attachment-medium size-medium wp-post-image\" alt=\"\" decoding=\"async\" srcset=\"https:\/\/studiobabel.pl\/wp-content\/uploads\/2024\/02\/ma-fotograf-slubny-krakow-olsztyn-osada-debowo-analogowe-pub-231-200x300.jpg 200w, https:\/\/studiobabel.pl\/wp-content\/uploads\/2024\/02\/ma-fotograf-slubny-krakow-olsztyn-osada-debowo-analogowe-pub-231-683x1024.jpg 683w, https:\/\/studiobabel.pl\/wp-content\/uploads\/2024\/02\/ma-fotograf-slubny-krakow-olsztyn-osada-debowo-analogowe-pub-231-768x1152.jpg 768w, https:\/\/studiobabel.pl\/wp-content\/uploads\/2024\/02\/ma-fotograf-slubny-krakow-olsztyn-osada-debowo-analogowe-pub-231-1024x1536.jpg 1024w, https:\/\/studiobabel.pl\/wp-content\/uploads\/2024\/02\/ma-fotograf-slubny-krakow-olsztyn-osada-debowo-analogowe-pub-231.jpg 1365w\" sizes=\"(max-width: 200px) 100vw, 200px\" \/>                        <a href=\"https:\/\/studiobabel.pl\/en\/portfolio\/magda-adam-osada-debowo-fotograf-slubny-olsztyn\/\" class=\"image-link\"><\/a>\n                    <\/div>\n                    \n                <\/div><!-- .post-thumbnail --> \n                \n            <\/div><!-- .entry-media --> \n\t\n        \t<div class=\"entry-wrapper-content\">\n\n                <div class=\"entry-content\">\n\n                    <h5 class=\"portfolio-title\">\n\n                        <a href=\"https:\/\/studiobabel.pl\/en\/portfolio\/magda-adam-osada-debowo-fotograf-slubny-olsztyn\/\" class=\"cl-portfolio-title\" title=\"OSADA D\u0118BOWO | FOTOGRAF \u015aLUBNY OLSZTYN\">OSADA D\u0118BOWO | FOTOGRAF \u015aLUBNY OLSZTYN<\/a>\n                        \n                    <\/h5>\n\n                    <h6 class=\"portfolio-categories\">\n\n                        <a href=\"https:\/\/studiobabel.pl\/en\/portfolio_entries\/reportaz-slubny\/\" rel=\"tag\">Wedding documentary<\/a>\n                    <\/h6><!-- portfolio-categories -->\n                    \n\n                <\/div><!-- entry-content -->\n\n            <\/div><!-- entry-wrapper-content -->\n\n        <\/div><!-- .grid-holder-inner -->\n\n    <\/div><!-- .grid-holder -->\n    \n<\/div><!-- #post-## -->\n\t\t\t\t\t\t\t\t\t\t\t\t\t\t\t\t\t\t\t\t\t\t\t\t\t\t\t\n<div id=\"ce-portfolio-item-5008\" class=\"ce-portfolio-item ce-animation ce-animation--top-t-bottom ce-animation-manual\" data-speed=\"200\" data-delay=\"0\" >\n\t\n\t<div class=\"grid-holder\">\n\n        <div class=\"grid-holder-inner\">\n\n            <div class=\"entry-media\">\n        \n                <div class=\"overlay\">\n                   \n                <\/div>\n                \n                <div class=\"post-thumbnail\">\n                                    <div class=\"wrapper\" style=\"--image-ratio-x: 0.91665; --image-ratio-y: 0.95;\">\n                        <img loading=\"lazy\" width=\"200\" height=\"300\" src=\"https:\/\/studiobabel.pl\/wp-content\/uploads\/2024\/02\/os-sesja-kobieca-wizerunkowa-krakow-web-71-200x300.jpg\" class=\"attachment-medium size-medium wp-post-image\" alt=\"\" decoding=\"async\" srcset=\"https:\/\/studiobabel.pl\/wp-content\/uploads\/2024\/02\/os-sesja-kobieca-wizerunkowa-krakow-web-71-200x300.jpg 200w, https:\/\/studiobabel.pl\/wp-content\/uploads\/2024\/02\/os-sesja-kobieca-wizerunkowa-krakow-web-71-683x1024.jpg 683w, https:\/\/studiobabel.pl\/wp-content\/uploads\/2024\/02\/os-sesja-kobieca-wizerunkowa-krakow-web-71-768x1152.jpg 768w, https:\/\/studiobabel.pl\/wp-content\/uploads\/2024\/02\/os-sesja-kobieca-wizerunkowa-krakow-web-71-1024x1536.jpg 1024w, https:\/\/studiobabel.pl\/wp-content\/uploads\/2024\/02\/os-sesja-kobieca-wizerunkowa-krakow-web-71.jpg 1365w\" sizes=\"(max-width: 200px) 100vw, 200px\" \/>                        <a href=\"https:\/\/studiobabel.pl\/en\/portfolio\/ola-sesja-wizerunkowa-krakow\/\" class=\"image-link\"><\/a>\n                    <\/div>\n                    \n                <\/div><!-- .post-thumbnail --> \n                \n            <\/div><!-- .entry-media --> \n\t\n        \t<div class=\"entry-wrapper-content\">\n\n                <div class=\"entry-content\">\n\n                    <h5 class=\"portfolio-title\">\n\n                        <a href=\"https:\/\/studiobabel.pl\/en\/portfolio\/ola-sesja-wizerunkowa-krakow\/\" class=\"cl-portfolio-title\" title=\"OLA | SESJA WIZERUNKOWA KRAK\u00d3W\">OLA | SESJA WIZERUNKOWA KRAK\u00d3W<\/a>\n                        \n                    <\/h5>\n\n                    <h6 class=\"portfolio-categories\">\n\n                        <a href=\"https:\/\/studiobabel.pl\/en\/portfolio_entries\/sesje-indywidualne\/\" rel=\"tag\">Personal photoshoots<\/a>, <a href=\"https:\/\/studiobabel.pl\/en\/portfolio_entries\/sesje-wizerunkowe\/\" rel=\"tag\">Business photoshoots<\/a>\n                    <\/h6><!-- portfolio-categories -->\n                    \n\n                <\/div><!-- entry-content -->\n\n            <\/div><!-- entry-wrapper-content -->\n\n        <\/div><!-- .grid-holder-inner -->\n\n    <\/div><!-- .grid-holder -->\n    \n<\/div><!-- #post-## -->\n\t\t\t\t\t\t\t\t\t\t\t\t\t\t\t\t\t\t\t\t\t\t\t\t\t\t\t\n<div id=\"ce-portfolio-item-4842\" class=\"ce-portfolio-item ce-animation ce-animation--top-t-bottom ce-animation-manual\" data-speed=\"200\" data-delay=\"0\" >\n\t\n\t<div class=\"grid-holder\">\n\n        <div class=\"grid-holder-inner\">\n\n            <div class=\"entry-media\">\n        \n                <div class=\"overlay\">\n                   \n                <\/div>\n                \n                <div class=\"post-thumbnail\">\n                                    <div class=\"wrapper\" style=\"--image-ratio-x: 0.91665; --image-ratio-y: 0.95;\">\n                        <img loading=\"lazy\" width=\"200\" height=\"300\" src=\"https:\/\/studiobabel.pl\/wp-content\/uploads\/2024\/02\/mj-italy-studio-babel-126-200x300.jpg\" class=\"attachment-medium size-medium wp-post-image\" alt=\"\" decoding=\"async\" srcset=\"https:\/\/studiobabel.pl\/wp-content\/uploads\/2024\/02\/mj-italy-studio-babel-126-200x300.jpg 200w, https:\/\/studiobabel.pl\/wp-content\/uploads\/2024\/02\/mj-italy-studio-babel-126-683x1024.jpg 683w, https:\/\/studiobabel.pl\/wp-content\/uploads\/2024\/02\/mj-italy-studio-babel-126-768x1152.jpg 768w, https:\/\/studiobabel.pl\/wp-content\/uploads\/2024\/02\/mj-italy-studio-babel-126-1024x1536.jpg 1024w, https:\/\/studiobabel.pl\/wp-content\/uploads\/2024\/02\/mj-italy-studio-babel-126-1365x2048.jpg 1365w, https:\/\/studiobabel.pl\/wp-content\/uploads\/2024\/02\/mj-italy-studio-babel-126-scaled.jpg 1706w\" sizes=\"(max-width: 200px) 100vw, 200px\" \/>                        <a href=\"https:\/\/studiobabel.pl\/en\/portfolio\/amalfi-coast-wedding-photographer\/\" class=\"image-link\"><\/a>\n                    <\/div>\n                    \n                <\/div><!-- .post-thumbnail --> \n                \n            <\/div><!-- .entry-media --> \n\t\n        \t<div class=\"entry-wrapper-content\">\n\n                <div class=\"entry-content\">\n\n                    <h5 class=\"portfolio-title\">\n\n                        <a href=\"https:\/\/studiobabel.pl\/en\/portfolio\/amalfi-coast-wedding-photographer\/\" class=\"cl-portfolio-title\" title=\"\u015aLUB WE W\u0141OSZECH | AMALFI COAST WEDDING\">\u015aLUB WE W\u0141OSZECH | AMALFI COAST WEDDING<\/a>\n                        \n                    <\/h5>\n\n                    <h6 class=\"portfolio-categories\">\n\n                        <a href=\"https:\/\/studiobabel.pl\/en\/portfolio_entries\/reportaz-slubny\/\" rel=\"tag\">Wedding documentary<\/a>\n                    <\/h6><!-- portfolio-categories -->\n                    \n\n                <\/div><!-- entry-content -->\n\n            <\/div><!-- entry-wrapper-content -->\n\n        <\/div><!-- .grid-holder-inner -->\n\n    <\/div><!-- .grid-holder -->\n    \n<\/div><!-- #post-## -->\n\t\t\t\t\t\t\t\t\t\t\t\t\t\t\n\t\t\t\t\t\t\n\t\t\t\t\t\n\t\t\t\t\t\n\t\t\t\t\t\n\t\t\t\t\t\n\t\t\t\t\t\t\t\t\t\t\n\t\t\t<\/div>\n\n\t\t\n\t\t<\/div>\n\t\t\t\t\n\t\t\t\t<\/div>\n\t\t\t\t<\/div>\n\t\t\t\t\t<\/div>\n\t\t<\/div>\n\t\t\t\t\t<\/div>\n\t\t<\/section>\n\t\t\t\t<\/div>","protected":false},"excerpt":{"rendered":"<p>ZOFIA &#038; TARAS | TOSKANIA | FOTOGRAF \u015aLUBNY W\u0141OCHY Reporta\u017c \u015blubny, Sesje \u015blubne PAULINA &#038; MARIUSZ | CICHA23 | FOTOGRAF \u015aLUBNY WARSZAWA Reporta\u017c \u015blubny, Sesje \u015blubne ZUZIA &#038; DANIEL | PA\u0141AC GR\u0104BKOWO | FOTOGRAF \u015aLUBNY TR\u00d3JMIASTO Reporta\u017c \u015blubny, Sesje \u015blubne [&hellip;]<\/p>","protected":false},"author":1,"featured_media":0,"parent":0,"menu_order":0,"comment_status":"closed","ping_status":"closed","template":"elementor_header_footer","meta":{"footnotes":""},"aioseo_notices":[],"_links":{"self":[{"href":"https:\/\/studiobabel.pl\/en\/wp-json\/wp\/v2\/pages\/50"}],"collection":[{"href":"https:\/\/studiobabel.pl\/en\/wp-json\/wp\/v2\/pages"}],"about":[{"href":"https:\/\/studiobabel.pl\/en\/wp-json\/wp\/v2\/types\/page"}],"author":[{"embeddable":true,"href":"https:\/\/studiobabel.pl\/en\/wp-json\/wp\/v2\/users\/1"}],"replies":[{"embeddable":true,"href":"https:\/\/studiobabel.pl\/en\/wp-json\/wp\/v2\/comments?post=50"}],"version-history":[{"count":148,"href":"https:\/\/studiobabel.pl\/en\/wp-json\/wp\/v2\/pages\/50\/revisions"}],"predecessor-version":[{"id":11045,"href":"https:\/\/studiobabel.pl\/en\/wp-json\/wp\/v2\/pages\/50\/revisions\/11045"}],"wp:attachment":[{"href":"https:\/\/studiobabel.pl\/en\/wp-json\/wp\/v2\/media?parent=50"}],"curies":[{"name":"wp","href":"https:\/\/api.w.org\/{rel}","templated":true}]}}